{"id":7,"date":"2016-02-29T08:55:58","date_gmt":"2016-02-29T07:55:58","guid":{"rendered":"http:\/\/www.helene-maria-schorn.at\/wordpress\/?page_id=7"},"modified":"2018-11-26T15:01:31","modified_gmt":"2018-11-26T14:01:31","slug":"home","status":"publish","type":"page","link":"http:\/\/www.helene-maria-schorn.at\/","title":{"rendered":"Home"},"content":{"rendered":"<h3 style=\"text-align: left;\">&#8222;BERGE SIND GEDICHTE<br \/>\nDIE DIE ERDE<br \/>\nIN DEN HIMMEL SCHREIBT&#8220;<\/h3>\n<h1><\/h1>\n<figure id=\"attachment_385\" aria-describedby=\"caption-attachment-385\" style=\"width: 376px\" class=\"wp-caption alignleft\"><img fetchpriority=\"high\" decoding=\"async\" class=\"wp-image-385\" src=\"http:\/\/www.helene-maria-schorn.at\/wp-content\/uploads\/2018\/09\/Auf-dem-Kitzsteinhorn-im-Sommer-2018-002-782x1024.jpg\" alt=\"\" width=\"376\" height=\"492\" srcset=\"http:\/\/www.helene-maria-schorn.at\/wp-content\/uploads\/2018\/09\/Auf-dem-Kitzsteinhorn-im-Sommer-2018-002-782x1024.jpg 782w, http:\/\/www.helene-maria-schorn.at\/wp-content\/uploads\/2018\/09\/Auf-dem-Kitzsteinhorn-im-Sommer-2018-002-229x300.jpg 229w, http:\/\/www.helene-maria-schorn.at\/wp-content\/uploads\/2018\/09\/Auf-dem-Kitzsteinhorn-im-Sommer-2018-002-768x1006.jpg 768w, http:\/\/www.helene-maria-schorn.at\/wp-content\/uploads\/2018\/09\/Auf-dem-Kitzsteinhorn-im-Sommer-2018-002-830x1087.jpg 830w, http:\/\/www.helene-maria-schorn.at\/wp-content\/uploads\/2018\/09\/Auf-dem-Kitzsteinhorn-im-Sommer-2018-002-230x301.jpg 230w, http:\/\/www.helene-maria-schorn.at\/wp-content\/uploads\/2018\/09\/Auf-dem-Kitzsteinhorn-im-Sommer-2018-002-350x458.jpg 350w, http:\/\/www.helene-maria-schorn.at\/wp-content\/uploads\/2018\/09\/Auf-dem-Kitzsteinhorn-im-Sommer-2018-002-480x629.jpg 480w, http:\/\/www.helene-maria-schorn.at\/wp-content\/uploads\/2018\/09\/Auf-dem-Kitzsteinhorn-im-Sommer-2018-002.jpg 1333w\" sizes=\"(max-width: 376px) 100vw, 376px\" \/><figcaption id=\"caption-attachment-385\" class=\"wp-caption-text\">Helene Maria Schorn auf dem Kitzsteinhorn \/ Sommer<\/figcaption><\/figure>\n<h1 id=\"weiter\">Helene Maria Schorn<\/h1>\n<h2>Bergmalerin<\/h2>\n<h3>\u201eDass in dem Sujet Bergbilder derzeit H.M.Schorn weitum die h\u00f6chsten Ma\u00dfst\u00e4be setzt, l\u00e4sst sich mit einer besonderen \u00f6rtlichen Vertrautheit, aber mehr noch mit einer eminenten Maltechnik erkl\u00e4ren.\u201c<\/h3>\n<p><em><span style=\"color: #808080;\">Dr. Nikolaus Schaffer, Leiter der Sammlungen Gem\u00e4lde<\/span><\/em> <em><span style=\"color: #808080;\">SALZBURG MUSEUM<\/span><\/em><\/p>\n<h3 style=\"text-align: center;\"><\/h3>\n<p>&nbsp;<\/p>\n","protected":false},"excerpt":{"rendered":"<p>&#8222;BERGE SIND GEDICHTE DIE DIE ERDE IN DEN HIMMEL SCHREIBT&#8220; Helene Maria Schorn Bergmalerin \u201eDass in dem Sujet Bergbilder derzeit H.M.Schorn weitum [&hellip;]<\/p>\n","protected":false},"author":1,"featured_media":0,"parent":0,"menu_order":0,"comment_status":"closed","ping_status":"closed","template":"page-templates\/page_fullwidth.php","meta":{"footnotes":""},"class_list":["post-7","page","type-page","status-publish","hentry"],"_links":{"self":[{"href":"http:\/\/www.helene-maria-schorn.at\/index.php\/wp-json\/wp\/v2\/pages\/7","targetHints":{"allow":["GET"]}}],"collection":[{"href":"http:\/\/www.helene-maria-schorn.at\/index.php\/wp-json\/wp\/v2\/pages"}],"about":[{"href":"http:\/\/www.helene-maria-schorn.at\/index.php\/wp-json\/wp\/v2\/types\/page"}],"author":[{"embeddable":true,"href":"http:\/\/www.helene-maria-schorn.at\/index.php\/wp-json\/wp\/v2\/users\/1"}],"replies":[{"embeddable":true,"href":"http:\/\/www.helene-maria-schorn.at\/index.php\/wp-json\/wp\/v2\/comments?post=7"}],"version-history":[{"count":10,"href":"http:\/\/www.helene-maria-schorn.at\/index.php\/wp-json\/wp\/v2\/pages\/7\/revisions"}],"predecessor-version":[{"id":429,"href":"http:\/\/www.helene-maria-schorn.at\/index.php\/wp-json\/wp\/v2\/pages\/7\/revisions\/429"}],"wp:attachment":[{"href":"http:\/\/www.helene-maria-schorn.at\/index.php\/wp-json\/wp\/v2\/media?parent=7"}],"curies":[{"name":"wp","href":"https:\/\/api.w.org\/{rel}","templated":true}]}}